{"id":918,"date":"2022-01-21T17:05:33","date_gmt":"2022-01-21T16:05:33","guid":{"rendered":"https:\/\/monasteriosanjuan.com\/el-entorno\/paisaje-protegido-de-san-juan-de-la-pena-y-monte-oroel\/"},"modified":"2022-07-20T18:54:17","modified_gmt":"2022-07-20T16:54:17","slug":"paisaje-protegido-de-san-juan-de-la-pena-y-monte-oroel","status":"publish","type":"page","link":"https:\/\/www.monasteriosanjuan.com\/fr\/el-entorno\/paisaje-protegido-de-san-juan-de-la-pena-y-monte-oroel\/","title":{"rendered":"Paysage Prot\u00e9g\u00e9 de Saint Jean de la Pe\u00f1a et du Monte Oroel"},"content":{"rendered":"<section class=\"l-section wpb_row height_medium\"><div class=\"l-section-h i-cf\"><div class=\"g-cols vc_row via_grid cols_1 laptops-cols_inherit tablets-cols_inherit mobiles-cols_1 valign_top type_default stacking_default\"><div class=\"wpb_column vc_column_container\"><div class=\"vc_column-inner\"><div class=\"wpb_text_column\"><div class=\"wpb_wrapper\"><p>En pleins Pyr\u00e9n\u00e9es se trouve le spectaculaire espace du\u00a0<strong>Paysage Prot\u00e9g\u00e9 de Saint Jean de la Pe\u00f1a et du Monte Oroel<\/strong>, et entre ses \u00e9l\u00e9ments plus remarquables on peut trouver le\u00a0<strong>Vieux Monast\u00e8re de San Juan de la Pe\u00f1a<\/strong>, tr\u00e9sor de l\u2019\u00e9poque m\u00e9di\u00e9vale.<\/p>\n<p>Le territoire o\u00f9 se trouve <strong>San Juan de la Pe\u00f1a<\/strong> c\u00b4est un espace naturel avec une biodiversit\u00e9 surprenante. La grande roche qui lui donne son nom, ainsi comme le Mont Oroel, est un \u00e9norme territoire concave accroch\u00e9 de conglom\u00e9rats, avec des sommets dans les montagnes Cuculo et Saint Salvateur.<\/p>\n<p>Ici grandissent des grandes masses foresti\u00e8res, entre lesquelles il faut remarquer le pin sauvage, le ch\u00eane vert ou yeuse, le ch\u00eane du Portugal, le buis&#8230; Dans les zones les plus prot\u00e9g\u00e9es il y a des plantes qui ont besoin d\u00b4 une plus grande humidit\u00e9 atmosph\u00e9rique, comme le h\u00eatre.<\/p>\n<p>Dans les falaises se produit un grand d\u00e9veloppement des esp\u00e8ces rupicoles qui ont un grand int\u00e9r\u00eat botanique, comme l&rsquo;oreille d&rsquo;ours, la val\u00e9riane des collines, etc. Les champignons, en grande abondance, et des diff\u00e9rents types d&rsquo;oiseaux compl\u00e8tent un \u00e9cosyst\u00e8me plein de vie, dans lequel il faut remarquer les rapaces et les animaux n\u00e9crophages comme sont le vautour commun ou le vautour percnopt\u00e8re, en plus de la faune caract\u00e9ristique de la for\u00eat : les sangliers, les renards, les binturongs, les chats sauvages, les chevreuils&#8230;<\/p>\n<p>Dans les alentours des deux monast\u00e8res il existe de nombreux belv\u00e9d\u00e8res avec vues panoramiques aux Pyr\u00e9n\u00e9es, entre lesquelles il faut souligner\u00a0le <strong>Balcon des Pyr\u00e9n\u00e9es<\/strong> et le <strong>Belv\u00e9d\u00e8re de Saint Vote<\/strong>, ainsi comme les diff\u00e9rents ermitages.<\/p>\n<\/div><\/div><\/div><\/div><\/div><\/div><\/section><section class=\"l-section wpb_row us_custom_887a049b height_small\"><div class=\"l-section-h i-cf\"><div class=\"g-cols vc_row via_grid cols_4 laptops-cols_inherit tablets-cols_inherit mobiles-cols_1 valign_top type_default stacking_default\"><div class=\"wpb_column vc_column_container\"><div class=\"vc_column-inner\"><\/div><\/div><div class=\"wpb_column vc_column_container\"><div class=\"vc_column-inner\"><div class=\"w-image align_center\"><a href=\"https:\/\/www.monasteriosanjuan.com\/wp-content\/uploads\/2022\/01\/Folleto_PaisajeProtegido_SanJuanPenayMonteOroel.pdf\" aria-label=\"folleto-paisaje-protegido\" class=\"w-image-h\"><img decoding=\"async\" width=\"500\" height=\"535\" src=\"https:\/\/www.monasteriosanjuan.com\/wp-content\/uploads\/2022\/01\/folleto-paisaje-protegido.png\" class=\"attachment-full size-full\" alt=\"Folleto Paisaje Protegido\" loading=\"lazy\" srcset=\"https:\/\/www.monasteriosanjuan.com\/wp-content\/uploads\/2022\/01\/folleto-paisaje-protegido.png 500w, https:\/\/www.monasteriosanjuan.com\/wp-content\/uploads\/2022\/01\/folleto-paisaje-protegido-280x300.png 280w\" sizes=\"auto, (max-width: 500px) 100vw, 500px\" \/><\/a><\/div><div class=\"wpb_text_column\"><div class=\"wpb_wrapper\"><p style=\"text-align: center;\"><strong><a href=\"https:\/\/monasteriosanjuan.com\/wp-content\/uploads\/2022\/01\/Folleto_PaisajeProtegido_SanJuanPenayMonteOroel.pdf\">Download the brochure<\/a><\/strong><\/p>\n<\/div><\/div><\/div><\/div><div class=\"wpb_column vc_column_container\"><div class=\"vc_column-inner\"><div class=\"w-image align_center\"><a href=\"https:\/\/www.monasteriosanjuan.com\/wp-content\/uploads\/2022\/01\/Mapa_PaisajeProtegido_SanJuanPenayMonteOroel.pdf\" aria-label=\"folleto-paisaje-protegido-mapa\" class=\"w-image-h\"><img decoding=\"async\" width=\"500\" height=\"535\" src=\"https:\/\/www.monasteriosanjuan.com\/wp-content\/uploads\/2022\/01\/folleto-paisaje-protegido-mapa-1.png\" class=\"attachment-full size-full\" alt=\"Mapa Paisaje Protegido\" loading=\"lazy\" srcset=\"https:\/\/www.monasteriosanjuan.com\/wp-content\/uploads\/2022\/01\/folleto-paisaje-protegido-mapa-1.png 500w, https:\/\/www.monasteriosanjuan.com\/wp-content\/uploads\/2022\/01\/folleto-paisaje-protegido-mapa-1-280x300.png 280w\" sizes=\"auto, (max-width: 500px) 100vw, 500px\" \/><\/a><\/div><div class=\"wpb_text_column\"><div class=\"wpb_wrapper\"><p style=\"text-align: center;\"><strong><a href=\"https:\/\/monasteriosanjuan.com\/wp-content\/uploads\/2022\/01\/Mapa_PaisajeProtegido_SanJuanPenayMonteOroel.pdf\">Download the map<\/a><\/strong><\/p>\n<\/div><\/div><\/div><\/div><div class=\"wpb_column vc_column_container\"><div class=\"vc_column-inner\"><\/div><\/div><\/div><\/div><\/section><section class=\"l-section wpb_row height_medium\"><div class=\"l-section-h i-cf\"><div class=\"g-cols vc_row via_grid cols_1 laptops-cols_inherit tablets-cols_inherit mobiles-cols_1 valign_top type_default stacking_default\"><div class=\"wpb_column vc_column_container\"><div class=\"vc_column-inner\"><div class=\"wpb_text_column\"><div class=\"wpb_wrapper\"><h4>Profitez de l&rsquo;environnement avec plus d&rsquo;activit\u00e9s<\/h4>\n<\/div><\/div><div class=\"g-cols wpb_row via_grid cols_3 laptops-cols_inherit tablets-cols_inherit mobiles-cols_1 valign_top type_default stacking_default\" style=\"--columns-gap:3rem;\"><div class=\"wpb_column vc_column_container\"><div class=\"vc_column-inner\"><div tabindex=\"0\" class=\"ult-new-ib ult-ib-effect-style15  ult-ib-resp  \" data-min-width=\"768\" data-max-width=\"900\" style=\"background:#000000;\" data-opacity=\"1\" data-hover-opacity=\"0.7\" ><img decoding=\"async\" class=\"ult-new-ib-img\" style=\"opacity:1;\" alt=\"Rutas de Senderismo\" src=\"https:\/\/www.monasteriosanjuan.com\/wp-content\/uploads\/2022\/01\/rutas-de-senderismo.jpg\"   \/><div id=\"interactive-banner-wrap-8571\" class=\"ult-new-ib-desc\" style=\"\"><h2 class=\"ult-new-ib-title ult-responsive\"  data-ultimate-target='#interactive-banner-wrap-8571 .ult-new-ib-title'  data-responsive-json-new='{\"font-size\":\"desktop:24px;\",\"line-height\":\"desktop:24px;\"}'  style=\"font-weight:normal;color:#ffffff;\">Randonn\u00e9e<\/h2><\/div><a class=\"ult-new-ib-link\" href=\"http:\/\/monasteriosanjuan.com\/fr\/el-entorno\/rutas-de-senderismo\/\" title=\"Randonn\u00e9e\"  ><\/a><\/div><\/div><\/div><div class=\"wpb_column vc_column_container\"><div class=\"vc_column-inner\"><div tabindex=\"0\" class=\"ult-new-ib ult-ib-effect-style15  ult-ib-resp  \" data-min-width=\"768\" data-max-width=\"900\" style=\"background:#000000;\" data-opacity=\"1\" data-hover-opacity=\"0.7\" ><img decoding=\"async\" class=\"ult-new-ib-img\" style=\"opacity:1;\" alt=\"Santa Cruz de la Ser\u00f3s\" src=\"https:\/\/www.monasteriosanjuan.com\/wp-content\/uploads\/2022\/01\/santa-cruz-de-la-seros.jpg\"   \/><div id=\"interactive-banner-wrap-6747\" class=\"ult-new-ib-desc\" style=\"\"><h2 class=\"ult-new-ib-title ult-responsive\"  data-ultimate-target='#interactive-banner-wrap-6747 .ult-new-ib-title'  data-responsive-json-new='{\"font-size\":\"desktop:24px;\",\"line-height\":\"desktop:24px;\"}'  style=\"font-weight:normal;color:#ffffff;\">Santa Cruz de la Ser\u00f3s<\/h2><\/div><a class=\"ult-new-ib-link\" href=\"http:\/\/monasteriosanjuan.com\/fr\/el-entorno\/santa-cruz-de-la-seros\/\" title=\"Santa Cruz de la Ser\u00f3s\"  ><\/a><\/div><\/div><\/div><div class=\"wpb_column vc_column_container\"><div class=\"vc_column-inner\"><div tabindex=\"0\" class=\"ult-new-ib ult-ib-effect-style15  ult-ib-resp  \" data-min-width=\"768\" data-max-width=\"900\" style=\"background:#000000;\" data-opacity=\"1\" data-hover-opacity=\"0.7\" ><img decoding=\"async\" class=\"ult-new-ib-img\" style=\"opacity:1;\" alt=\"Camino de Santiago\" src=\"https:\/\/www.monasteriosanjuan.com\/wp-content\/uploads\/2022\/01\/camino.jpg\"   \/><div id=\"interactive-banner-wrap-4331\" class=\"ult-new-ib-desc\" style=\"\"><h2 class=\"ult-new-ib-title ult-responsive\"  data-ultimate-target='#interactive-banner-wrap-4331 .ult-new-ib-title'  data-responsive-json-new='{\"font-size\":\"desktop:24px;\",\"line-height\":\"desktop:24px;\"}'  style=\"font-weight:normal;color:#ffffff;\">Chemin de Saint-Jacques<\/h2><\/div><a class=\"ult-new-ib-link\" href=\"http:\/\/monasteriosanjuan.com\/fr\/el-entorno\/camino-de-santiago\/\" title=\"Chemin de Saint-Jacques\"  ><\/a><\/div><\/div><\/div><\/div><\/div><\/div><\/div><\/div><\/section>\n","protected":false},"excerpt":{"rendered":"En pleins Pyr\u00e9n\u00e9es se trouve le spectaculaire espace du\u00a0Paysage Prot\u00e9g\u00e9 de Saint Jean de la Pe\u00f1a et du Monte Oroel, et entre ses \u00e9l\u00e9ments plus remarquables on peut trouver le\u00a0Vieux Monast\u00e8re de San Juan de la Pe\u00f1a, tr\u00e9sor de l\u2019\u00e9poque m\u00e9di\u00e9vale. Le territoire o\u00f9 se trouve San Juan de la Pe\u00f1a c\u00b4est un espace naturel...","protected":false},"author":1,"featured_media":439,"parent":914,"menu_order":0,"comment_status":"closed","ping_status":"closed","template":"","meta":{"footnotes":"","beyondwords_generate_audio":"","beyondwords_integration_method":"","beyondwords_project_id":"","beyondwords_content_id":"","beyondwords_preview_token":"","beyondwords_player_content":"","beyondwords_player_style":"","beyondwords_language_code":"","beyondwords_language_id":"","beyondwords_title_voice_id":"","beyondwords_body_voice_id":"","beyondwords_summary_voice_id":"","beyondwords_error_message":"","beyondwords_disabled":"","beyondwords_delete_content":"","beyondwords_podcast_id":"","beyondwords_hash":"","publish_post_to_speechkit":"1","speechkit_hash":"","speechkit_generate_audio":"1","speechkit_project_id":"","speechkit_podcast_id":"","speechkit_error_message":"#http_request_failed: cURL error 28: Failed to connect to app.beyondwords.io port 443 after 3751 ms: Connection timed out","speechkit_disabled":"","speechkit_access_key":"","speechkit_error":"","speechkit_info":"","speechkit_response":"","speechkit_retries":"","speechkit_status":"Error","speechkit_updated_at":"","_speechkit_link":"","_speechkit_text":""},"class_list":["post-918","page","type-page","status-publish","has-post-thumbnail","hentry"],"yoast_head":"<!-- This site is optimized with the Yoast SEO plugin v27.4 - https:\/\/yoast.com\/product\/yoast-seo-wordpress\/ -->\n<title>Paysage Prot\u00e9g\u00e9 de Saint Jean de la Pe\u00f1a et du Monte Oroel - Monasterio de San Juan de la Pe\u00f1a<\/title>\n<meta name=\"robots\" content=\"index, follow, max-snippet:-1, max-image-preview:large, max-video-preview:-1\" \/>\n<link rel=\"canonical\" href=\"https:\/\/www.monasteriosanjuan.com\/el-entorno\/paisaje-protegido-de-san-juan-de-la-pena-y-monte-oroel\/\" \/>\n<meta property=\"og:locale\" content=\"fr_FR\" \/>\n<meta property=\"og:type\" content=\"article\" \/>\n<meta property=\"og:title\" content=\"Paysage Prot\u00e9g\u00e9 de Saint Jean de la Pe\u00f1a et du Monte Oroel - Monasterio de San Juan de la Pe\u00f1a\" \/>\n<meta property=\"og:url\" content=\"https:\/\/www.monasteriosanjuan.com\/el-entorno\/paisaje-protegido-de-san-juan-de-la-pena-y-monte-oroel\/\" \/>\n<meta property=\"og:site_name\" content=\"Monasterio de San Juan de la Pe\u00f1a\" \/>\n<meta property=\"article:publisher\" content=\"https:\/\/www.facebook.com\/TurismodeAragon\/\" \/>\n<meta property=\"article:modified_time\" content=\"2022-07-20T16:54:17+00:00\" \/>\n<meta property=\"og:image\" content=\"https:\/\/www.monasteriosanjuan.com\/wp-content\/uploads\/2022\/01\/espacio-protegido.jpg\" \/>\n\t<meta property=\"og:image:width\" content=\"1920\" \/>\n\t<meta property=\"og:image:height\" content=\"519\" \/>\n\t<meta property=\"og:image:type\" content=\"image\/jpeg\" \/>\n<meta name=\"twitter:card\" content=\"summary_large_image\" \/>\n<meta name=\"twitter:site\" content=\"@aragonturismo\" \/>\n<meta name=\"twitter:label1\" content=\"Dur\u00e9e de lecture estim\u00e9e\" \/>\n\t<meta name=\"twitter:data1\" content=\"4 minutes\" \/>\n<script type=\"application\/ld+json\" class=\"yoast-schema-graph\">{\"@context\":\"https:\\\/\\\/schema.org\",\"@graph\":[{\"@type\":\"WebPage\",\"@id\":\"https:\\\/\\\/www.monasteriosanjuan.com\\\/el-entorno\\\/paisaje-protegido-de-san-juan-de-la-pena-y-monte-oroel\\\/\",\"url\":\"https:\\\/\\\/www.monasteriosanjuan.com\\\/el-entorno\\\/paisaje-protegido-de-san-juan-de-la-pena-y-monte-oroel\\\/\",\"name\":\"Paysage Prot\u00e9g\u00e9 de Saint Jean de la Pe\u00f1a et du Monte Oroel - Monasterio de San Juan de la Pe\u00f1a\",\"isPartOf\":{\"@id\":\"https:\\\/\\\/www.monasteriosanjuan.com\\\/#website\"},\"primaryImageOfPage\":{\"@id\":\"https:\\\/\\\/www.monasteriosanjuan.com\\\/el-entorno\\\/paisaje-protegido-de-san-juan-de-la-pena-y-monte-oroel\\\/#primaryimage\"},\"image\":{\"@id\":\"https:\\\/\\\/www.monasteriosanjuan.com\\\/el-entorno\\\/paisaje-protegido-de-san-juan-de-la-pena-y-monte-oroel\\\/#primaryimage\"},\"thumbnailUrl\":\"https:\\\/\\\/www.monasteriosanjuan.com\\\/wp-content\\\/uploads\\\/2022\\\/01\\\/espacio-protegido.jpg\",\"datePublished\":\"2022-01-21T16:05:33+00:00\",\"dateModified\":\"2022-07-20T16:54:17+00:00\",\"breadcrumb\":{\"@id\":\"https:\\\/\\\/www.monasteriosanjuan.com\\\/el-entorno\\\/paisaje-protegido-de-san-juan-de-la-pena-y-monte-oroel\\\/#breadcrumb\"},\"inLanguage\":\"fr-FR\",\"potentialAction\":[{\"@type\":\"ReadAction\",\"target\":[\"https:\\\/\\\/www.monasteriosanjuan.com\\\/el-entorno\\\/paisaje-protegido-de-san-juan-de-la-pena-y-monte-oroel\\\/\"]}]},{\"@type\":\"ImageObject\",\"inLanguage\":\"fr-FR\",\"@id\":\"https:\\\/\\\/www.monasteriosanjuan.com\\\/el-entorno\\\/paisaje-protegido-de-san-juan-de-la-pena-y-monte-oroel\\\/#primaryimage\",\"url\":\"https:\\\/\\\/www.monasteriosanjuan.com\\\/wp-content\\\/uploads\\\/2022\\\/01\\\/espacio-protegido.jpg\",\"contentUrl\":\"https:\\\/\\\/www.monasteriosanjuan.com\\\/wp-content\\\/uploads\\\/2022\\\/01\\\/espacio-protegido.jpg\",\"width\":1920,\"height\":519,\"caption\":\"Espacio Protegido\"},{\"@type\":\"BreadcrumbList\",\"@id\":\"https:\\\/\\\/www.monasteriosanjuan.com\\\/el-entorno\\\/paisaje-protegido-de-san-juan-de-la-pena-y-monte-oroel\\\/#breadcrumb\",\"itemListElement\":[{\"@type\":\"ListItem\",\"position\":1,\"name\":\"Portada\",\"item\":\"https:\\\/\\\/www.monasteriosanjuan.com\\\/fr\\\/\"},{\"@type\":\"ListItem\",\"position\":2,\"name\":\"L&#8217;environnement\",\"item\":\"https:\\\/\\\/www.monasteriosanjuan.com\\\/el-entorno\\\/\"},{\"@type\":\"ListItem\",\"position\":3,\"name\":\"Paysage Prot\u00e9g\u00e9 de Saint Jean de la Pe\u00f1a et du Monte Oroel\"}]},{\"@type\":\"WebSite\",\"@id\":\"https:\\\/\\\/www.monasteriosanjuan.com\\\/#website\",\"url\":\"https:\\\/\\\/www.monasteriosanjuan.com\\\/\",\"name\":\"Monasterio de San Juan de la Pe\u00f1a\",\"description\":\"\",\"publisher\":{\"@id\":\"https:\\\/\\\/www.monasteriosanjuan.com\\\/#organization\"},\"potentialAction\":[{\"@type\":\"SearchAction\",\"target\":{\"@type\":\"EntryPoint\",\"urlTemplate\":\"https:\\\/\\\/www.monasteriosanjuan.com\\\/?s={search_term_string}\"},\"query-input\":{\"@type\":\"PropertyValueSpecification\",\"valueRequired\":true,\"valueName\":\"search_term_string\"}}],\"inLanguage\":\"fr-FR\"},{\"@type\":\"Organization\",\"@id\":\"https:\\\/\\\/www.monasteriosanjuan.com\\\/#organization\",\"name\":\"Monasterio de San Juan de la Pe\u00f1a\",\"url\":\"https:\\\/\\\/www.monasteriosanjuan.com\\\/\",\"logo\":{\"@type\":\"ImageObject\",\"inLanguage\":\"fr-FR\",\"@id\":\"https:\\\/\\\/www.monasteriosanjuan.com\\\/#\\\/schema\\\/logo\\\/image\\\/\",\"url\":\"https:\\\/\\\/www.monasteriosanjuan.com\\\/wp-content\\\/uploads\\\/2022\\\/01\\\/logo-san-juan.png\",\"contentUrl\":\"https:\\\/\\\/www.monasteriosanjuan.com\\\/wp-content\\\/uploads\\\/2022\\\/01\\\/logo-san-juan.png\",\"width\":500,\"height\":500,\"caption\":\"Monasterio de San Juan de la Pe\u00f1a\"},\"image\":{\"@id\":\"https:\\\/\\\/www.monasteriosanjuan.com\\\/#\\\/schema\\\/logo\\\/image\\\/\"},\"sameAs\":[\"https:\\\/\\\/www.facebook.com\\\/TurismodeAragon\\\/\",\"https:\\\/\\\/x.com\\\/aragonturismo\"]}]}<\/script>\n<!-- \/ Yoast SEO plugin. -->","yoast_head_json":{"title":"Paysage Prot\u00e9g\u00e9 de Saint Jean de la Pe\u00f1a et du Monte Oroel - Monasterio de San Juan de la Pe\u00f1a","robots":{"index":"index","follow":"follow","max-snippet":"max-snippet:-1","max-image-preview":"max-image-preview:large","max-video-preview":"max-video-preview:-1"},"canonical":"https:\/\/www.monasteriosanjuan.com\/el-entorno\/paisaje-protegido-de-san-juan-de-la-pena-y-monte-oroel\/","og_locale":"fr_FR","og_type":"article","og_title":"Paysage Prot\u00e9g\u00e9 de Saint Jean de la Pe\u00f1a et du Monte Oroel - Monasterio de San Juan de la Pe\u00f1a","og_url":"https:\/\/www.monasteriosanjuan.com\/el-entorno\/paisaje-protegido-de-san-juan-de-la-pena-y-monte-oroel\/","og_site_name":"Monasterio de San Juan de la Pe\u00f1a","article_publisher":"https:\/\/www.facebook.com\/TurismodeAragon\/","article_modified_time":"2022-07-20T16:54:17+00:00","og_image":[{"width":1920,"height":519,"url":"https:\/\/www.monasteriosanjuan.com\/wp-content\/uploads\/2022\/01\/espacio-protegido.jpg","type":"image\/jpeg"}],"twitter_card":"summary_large_image","twitter_site":"@aragonturismo","twitter_misc":{"Dur\u00e9e de lecture estim\u00e9e":"4 minutes"},"schema":{"@context":"https:\/\/schema.org","@graph":[{"@type":"WebPage","@id":"https:\/\/www.monasteriosanjuan.com\/el-entorno\/paisaje-protegido-de-san-juan-de-la-pena-y-monte-oroel\/","url":"https:\/\/www.monasteriosanjuan.com\/el-entorno\/paisaje-protegido-de-san-juan-de-la-pena-y-monte-oroel\/","name":"Paysage Prot\u00e9g\u00e9 de Saint Jean de la Pe\u00f1a et du Monte Oroel - Monasterio de San Juan de la Pe\u00f1a","isPartOf":{"@id":"https:\/\/www.monasteriosanjuan.com\/#website"},"primaryImageOfPage":{"@id":"https:\/\/www.monasteriosanjuan.com\/el-entorno\/paisaje-protegido-de-san-juan-de-la-pena-y-monte-oroel\/#primaryimage"},"image":{"@id":"https:\/\/www.monasteriosanjuan.com\/el-entorno\/paisaje-protegido-de-san-juan-de-la-pena-y-monte-oroel\/#primaryimage"},"thumbnailUrl":"https:\/\/www.monasteriosanjuan.com\/wp-content\/uploads\/2022\/01\/espacio-protegido.jpg","datePublished":"2022-01-21T16:05:33+00:00","dateModified":"2022-07-20T16:54:17+00:00","breadcrumb":{"@id":"https:\/\/www.monasteriosanjuan.com\/el-entorno\/paisaje-protegido-de-san-juan-de-la-pena-y-monte-oroel\/#breadcrumb"},"inLanguage":"fr-FR","potentialAction":[{"@type":"ReadAction","target":["https:\/\/www.monasteriosanjuan.com\/el-entorno\/paisaje-protegido-de-san-juan-de-la-pena-y-monte-oroel\/"]}]},{"@type":"ImageObject","inLanguage":"fr-FR","@id":"https:\/\/www.monasteriosanjuan.com\/el-entorno\/paisaje-protegido-de-san-juan-de-la-pena-y-monte-oroel\/#primaryimage","url":"https:\/\/www.monasteriosanjuan.com\/wp-content\/uploads\/2022\/01\/espacio-protegido.jpg","contentUrl":"https:\/\/www.monasteriosanjuan.com\/wp-content\/uploads\/2022\/01\/espacio-protegido.jpg","width":1920,"height":519,"caption":"Espacio Protegido"},{"@type":"BreadcrumbList","@id":"https:\/\/www.monasteriosanjuan.com\/el-entorno\/paisaje-protegido-de-san-juan-de-la-pena-y-monte-oroel\/#breadcrumb","itemListElement":[{"@type":"ListItem","position":1,"name":"Portada","item":"https:\/\/www.monasteriosanjuan.com\/fr\/"},{"@type":"ListItem","position":2,"name":"L&#8217;environnement","item":"https:\/\/www.monasteriosanjuan.com\/el-entorno\/"},{"@type":"ListItem","position":3,"name":"Paysage Prot\u00e9g\u00e9 de Saint Jean de la Pe\u00f1a et du Monte Oroel"}]},{"@type":"WebSite","@id":"https:\/\/www.monasteriosanjuan.com\/#website","url":"https:\/\/www.monasteriosanjuan.com\/","name":"Monasterio de San Juan de la Pe\u00f1a","description":"","publisher":{"@id":"https:\/\/www.monasteriosanjuan.com\/#organization"},"potentialAction":[{"@type":"SearchAction","target":{"@type":"EntryPoint","urlTemplate":"https:\/\/www.monasteriosanjuan.com\/?s={search_term_string}"},"query-input":{"@type":"PropertyValueSpecification","valueRequired":true,"valueName":"search_term_string"}}],"inLanguage":"fr-FR"},{"@type":"Organization","@id":"https:\/\/www.monasteriosanjuan.com\/#organization","name":"Monasterio de San Juan de la Pe\u00f1a","url":"https:\/\/www.monasteriosanjuan.com\/","logo":{"@type":"ImageObject","inLanguage":"fr-FR","@id":"https:\/\/www.monasteriosanjuan.com\/#\/schema\/logo\/image\/","url":"https:\/\/www.monasteriosanjuan.com\/wp-content\/uploads\/2022\/01\/logo-san-juan.png","contentUrl":"https:\/\/www.monasteriosanjuan.com\/wp-content\/uploads\/2022\/01\/logo-san-juan.png","width":500,"height":500,"caption":"Monasterio de San Juan de la Pe\u00f1a"},"image":{"@id":"https:\/\/www.monasteriosanjuan.com\/#\/schema\/logo\/image\/"},"sameAs":["https:\/\/www.facebook.com\/TurismodeAragon\/","https:\/\/x.com\/aragonturismo"]}]}},"_links":{"self":[{"href":"https:\/\/www.monasteriosanjuan.com\/fr\/wp-json\/wp\/v2\/pages\/918","targetHints":{"allow":["GET"]}}],"collection":[{"href":"https:\/\/www.monasteriosanjuan.com\/fr\/wp-json\/wp\/v2\/pages"}],"about":[{"href":"https:\/\/www.monasteriosanjuan.com\/fr\/wp-json\/wp\/v2\/types\/page"}],"author":[{"embeddable":true,"href":"https:\/\/www.monasteriosanjuan.com\/fr\/wp-json\/wp\/v2\/users\/1"}],"replies":[{"embeddable":true,"href":"https:\/\/www.monasteriosanjuan.com\/fr\/wp-json\/wp\/v2\/comments?post=918"}],"version-history":[{"count":3,"href":"https:\/\/www.monasteriosanjuan.com\/fr\/wp-json\/wp\/v2\/pages\/918\/revisions"}],"predecessor-version":[{"id":1255,"href":"https:\/\/www.monasteriosanjuan.com\/fr\/wp-json\/wp\/v2\/pages\/918\/revisions\/1255"}],"up":[{"embeddable":true,"href":"https:\/\/www.monasteriosanjuan.com\/fr\/wp-json\/wp\/v2\/pages\/914"}],"wp:featuredmedia":[{"embeddable":true,"href":"https:\/\/www.monasteriosanjuan.com\/fr\/wp-json\/wp\/v2\/media\/439"}],"wp:attachment":[{"href":"https:\/\/www.monasteriosanjuan.com\/fr\/wp-json\/wp\/v2\/media?parent=918"}],"curies":[{"name":"wp","href":"https:\/\/api.w.org\/{rel}","templated":true}]}}