{"id":906,"date":"2022-02-22T10:09:51","date_gmt":"2022-02-22T09:09:51","guid":{"rendered":"https:\/\/monasteriosanjuan.com\/cafeteria-restaurante\/"},"modified":"2026-03-06T09:17:42","modified_gmt":"2026-03-06T08:17:42","slug":"cafeteria-restaurante","status":"publish","type":"page","link":"https:\/\/www.monasteriosanjuan.com\/fr\/cafeteria-restaurante\/","title":{"rendered":"Caf\u00e9t\u00e9ria"},"content":{"rendered":"<section class=\"l-section wpb_row height_medium\"><div class=\"l-section-overlay\" style=\"background:#f7f7f7\"><\/div><div class=\"l-section-h i-cf\"><div class=\"g-cols vc_row via_grid cols_1 laptops-cols_inherit tablets-cols_inherit mobiles-cols_1 valign_top type_default stacking_default\"><div class=\"wpb_column vc_column_container\"><div class=\"vc_column-inner\"><h2 class=\"w-text\"><span class=\"w-text-h\"><span class=\"w-text-value\">Renseignements et r\u00e9servations<\/span><\/span><\/h2><div class=\"w-contacts\"><div class=\"w-contacts-list\"><div class=\"w-contacts-item for_mobile\"><span class=\"w-contacts-item-value\">633 730 492<\/span><\/div><div class=\"w-contacts-item for_email\"><span class=\"w-contacts-item-value\"><a href=\"mailto:hospederia@monasteriosanjuan.com\">hospederia@monasteriosanjuan.com<\/a><\/span><\/div><\/div><\/div><\/div><\/div><\/div><\/div><\/section><section class=\"l-section wpb_row height_medium\"><div class=\"l-section-h i-cf\"><div class=\"g-cols vc_row via_grid cols_2 laptops-cols_inherit tablets-cols_inherit mobiles-cols_1 valign_top type_default stacking_default\"><div class=\"wpb_column vc_column_container\"><div class=\"vc_column-inner\"><div class=\"wpb_text_column\"><div class=\"wpb_wrapper\"><p>Avant ou apr\u00e8s votre visite, nous vous recommandons de faire une halte \u00e0 notre caf\u00e9t\u00e9ria.<\/p>\n<p>Situ\u00e9 dans le nouveau monast\u00e8re, \u00e0 c\u00f4t\u00e9 de la spectaculaire prairie de San Indalecio, il propose une s\u00e9lection de sandwichs chauds, de pizzas fra\u00eechement pr\u00e9par\u00e9es, de toasts et de salades.<\/p>\n<p>Profitez d&rsquo;installations modernes et confortables. Et si vous avez envie de manger dehors, nous vous simplifions la t\u00e2che, donc vous pouvez commander toute la carte \u00e0 emporter.<\/p>\n<\/div><\/div><\/div><\/div><div class=\"wpb_column vc_column_container\"><div class=\"vc_column-inner\"><div class=\"w-image align_none\"><div class=\"w-image-h\"><img decoding=\"async\" width=\"1000\" height=\"667\" src=\"https:\/\/www.monasteriosanjuan.com\/wp-content\/uploads\/2022\/02\/cafeteria.jpg\" class=\"attachment-large size-large\" alt=\"cafeteria\" loading=\"lazy\" srcset=\"https:\/\/www.monasteriosanjuan.com\/wp-content\/uploads\/2022\/02\/cafeteria.jpg 1000w, https:\/\/www.monasteriosanjuan.com\/wp-content\/uploads\/2022\/02\/cafeteria-300x200.jpg 300w\" sizes=\"auto, (max-width: 1000px) 100vw, 1000px\" \/><\/div><\/div><\/div><\/div><\/div><\/div><\/section><section class=\"l-section wpb_row height_small\"><div class=\"l-section-h i-cf\"><div class=\"g-cols vc_row via_grid cols_1-2-1 laptops-cols_inherit tablets-cols_inherit mobiles-cols_1 valign_top type_default stacking_default\"><div class=\"wpb_column vc_column_container\"><div class=\"vc_column-inner\"><div class=\"wpb_text_column\"><div class=\"wpb_wrapper\"><\/div><\/div><\/div><\/div><div class=\"wpb_column vc_column_container\"><div class=\"vc_column-inner\"><div class=\"wpb_text_column us_custom_3daed0e4\"><div class=\"wpb_wrapper\"><h3>Horaires de la caf\u00e9t\u00e9ria:<\/h3>\n<p><strong>Du 1er au 15 mars :<\/strong><br \/>\nDe 10 \u00e0 17 h.<\/p>\n<p><strong>Du 16 mars au 31 mai :<\/strong><br \/>\nDe 10 \u00e0 19 h.<\/p>\n<p><strong>Du 1er juin au 31 ao\u00fbt :<\/strong><br \/>\nDe 10 \u00e0 20 h.<\/p>\n<p><strong>Du 1er septembre au 31 octobre :<\/strong><br \/>\nDe 10 \u00e0 19 h.<\/p>\n<p><strong>Du 1er novembre au 28 f\u00e9vrier :<\/strong><br \/>\nSamedi : de 10 \u00e0 17 h.<br \/>\nDe lundi \u00e0 vendredi et dimanches : de 10 \u00e0 14 h.<\/p>\n<\/div><\/div><\/div><\/div><div class=\"wpb_column vc_column_container\"><div class=\"vc_column-inner\"><\/div><\/div><\/div><\/div><\/section>\n","protected":false},"excerpt":{"rendered":"Renseignements et r\u00e9servations633 730 492hospederia@monasteriosanjuan.comAvant ou apr\u00e8s votre visite, nous vous recommandons de faire une halte \u00e0 notre caf\u00e9t\u00e9ria. Situ\u00e9 dans le nouveau monast\u00e8re, \u00e0 c\u00f4t\u00e9 de la spectaculaire prairie de San Indalecio, il propose une s\u00e9lection de sandwichs chauds, de pizzas fra\u00eechement pr\u00e9par\u00e9es, de toasts et de salades. Profitez d&rsquo;installations modernes et confortables. Et...","protected":false},"author":1,"featured_media":668,"parent":0,"menu_order":0,"comment_status":"closed","ping_status":"closed","template":"","meta":{"footnotes":"","beyondwords_generate_audio":"1","beyondwords_integration_method":"rest-api","beyondwords_project_id":"16710","beyondwords_content_id":"","beyondwords_preview_token":"","beyondwords_player_content":"","beyondwords_player_style":"","beyondwords_language_code":"","beyondwords_language_id":"","beyondwords_title_voice_id":"","beyondwords_body_voice_id":"","beyondwords_summary_voice_id":"","beyondwords_error_message":"#401: Unauthorized","beyondwords_disabled":"","beyondwords_delete_content":"","beyondwords_podcast_id":"5676013","beyondwords_hash":"bf707b5e0dc493e4b473b13ed7c181637cdbd8c1","publish_post_to_speechkit":"1","speechkit_hash":"","speechkit_generate_audio":"1","speechkit_project_id":"","speechkit_podcast_id":"","speechkit_error_message":"","speechkit_disabled":"","speechkit_access_key":"","speechkit_error":"","speechkit_info":"","speechkit_response":"","speechkit_retries":"","speechkit_status":"Error","speechkit_updated_at":"","_speechkit_link":"","_speechkit_text":""},"class_list":["post-906","page","type-page","status-publish","has-post-thumbnail","hentry"],"yoast_head":"<!-- This site is optimized with the Yoast SEO plugin v27.4 - https:\/\/yoast.com\/product\/yoast-seo-wordpress\/ -->\n<title>Caf\u00e9t\u00e9ria - Monasterio de San Juan de la Pe\u00f1a<\/title>\n<meta name=\"description\" content=\"Situ\u00e9 dans le nouveau monast\u00e8re,, il propose une s\u00e9lection de sandwichs chauds, de pizzas fra\u00eechement pr\u00e9par\u00e9es, de toasts et de salades.\" \/>\n<meta name=\"robots\" content=\"index, follow, max-snippet:-1, max-image-preview:large, max-video-preview:-1\" \/>\n<link rel=\"canonical\" href=\"https:\/\/www.monasteriosanjuan.com\/fr\/cafeteria-restaurante\/\" \/>\n<meta property=\"og:locale\" content=\"fr_FR\" \/>\n<meta property=\"og:type\" content=\"article\" \/>\n<meta property=\"og:title\" content=\"Caf\u00e9t\u00e9ria - Monasterio de San Juan de la Pe\u00f1a\" \/>\n<meta property=\"og:description\" content=\"Situ\u00e9 dans le nouveau monast\u00e8re,, il propose une s\u00e9lection de sandwichs chauds, de pizzas fra\u00eechement pr\u00e9par\u00e9es, de toasts et de salades.\" \/>\n<meta property=\"og:url\" content=\"https:\/\/www.monasteriosanjuan.com\/fr\/cafeteria-restaurante\/\" \/>\n<meta property=\"og:site_name\" content=\"Monasterio de San Juan de la Pe\u00f1a\" \/>\n<meta property=\"article:publisher\" content=\"https:\/\/www.facebook.com\/TurismodeAragon\/\" \/>\n<meta property=\"article:modified_time\" content=\"2026-03-06T08:17:42+00:00\" \/>\n<meta property=\"og:image\" content=\"https:\/\/www.monasteriosanjuan.com\/wp-content\/uploads\/2022\/02\/cafeteria-slider.jpg\" \/>\n\t<meta property=\"og:image:width\" content=\"1920\" \/>\n\t<meta property=\"og:image:height\" content=\"515\" \/>\n\t<meta property=\"og:image:type\" content=\"image\/jpeg\" \/>\n<meta name=\"twitter:card\" content=\"summary_large_image\" \/>\n<meta name=\"twitter:site\" content=\"@aragonturismo\" \/>\n<meta name=\"twitter:label1\" content=\"Dur\u00e9e de lecture estim\u00e9e\" \/>\n\t<meta name=\"twitter:data1\" content=\"1 minute\" \/>\n<script type=\"application\/ld+json\" class=\"yoast-schema-graph\">{\"@context\":\"https:\\\/\\\/schema.org\",\"@graph\":[{\"@type\":\"WebPage\",\"@id\":\"https:\\\/\\\/www.monasteriosanjuan.com\\\/fr\\\/cafeteria-restaurante\\\/\",\"url\":\"https:\\\/\\\/www.monasteriosanjuan.com\\\/fr\\\/cafeteria-restaurante\\\/\",\"name\":\"Caf\u00e9t\u00e9ria - Monasterio de San Juan de la Pe\u00f1a\",\"isPartOf\":{\"@id\":\"https:\\\/\\\/www.monasteriosanjuan.com\\\/#website\"},\"primaryImageOfPage\":{\"@id\":\"https:\\\/\\\/www.monasteriosanjuan.com\\\/fr\\\/cafeteria-restaurante\\\/#primaryimage\"},\"image\":{\"@id\":\"https:\\\/\\\/www.monasteriosanjuan.com\\\/fr\\\/cafeteria-restaurante\\\/#primaryimage\"},\"thumbnailUrl\":\"https:\\\/\\\/www.monasteriosanjuan.com\\\/wp-content\\\/uploads\\\/2022\\\/02\\\/cafeteria-slider.jpg\",\"datePublished\":\"2022-02-22T09:09:51+00:00\",\"dateModified\":\"2026-03-06T08:17:42+00:00\",\"description\":\"Situ\u00e9 dans le nouveau monast\u00e8re,, il propose une s\u00e9lection de sandwichs chauds, de pizzas fra\u00eechement pr\u00e9par\u00e9es, de toasts et de salades.\",\"breadcrumb\":{\"@id\":\"https:\\\/\\\/www.monasteriosanjuan.com\\\/fr\\\/cafeteria-restaurante\\\/#breadcrumb\"},\"inLanguage\":\"fr-FR\",\"potentialAction\":[{\"@type\":\"ReadAction\",\"target\":[\"https:\\\/\\\/www.monasteriosanjuan.com\\\/fr\\\/cafeteria-restaurante\\\/\"]}]},{\"@type\":\"ImageObject\",\"inLanguage\":\"fr-FR\",\"@id\":\"https:\\\/\\\/www.monasteriosanjuan.com\\\/fr\\\/cafeteria-restaurante\\\/#primaryimage\",\"url\":\"https:\\\/\\\/www.monasteriosanjuan.com\\\/wp-content\\\/uploads\\\/2022\\\/02\\\/cafeteria-slider.jpg\",\"contentUrl\":\"https:\\\/\\\/www.monasteriosanjuan.com\\\/wp-content\\\/uploads\\\/2022\\\/02\\\/cafeteria-slider.jpg\",\"width\":1920,\"height\":515,\"caption\":\"cafeteria slider\"},{\"@type\":\"BreadcrumbList\",\"@id\":\"https:\\\/\\\/www.monasteriosanjuan.com\\\/fr\\\/cafeteria-restaurante\\\/#breadcrumb\",\"itemListElement\":[{\"@type\":\"ListItem\",\"position\":1,\"name\":\"Portada\",\"item\":\"https:\\\/\\\/www.monasteriosanjuan.com\\\/fr\\\/\"},{\"@type\":\"ListItem\",\"position\":2,\"name\":\"Caf\u00e9t\u00e9ria\"}]},{\"@type\":\"WebSite\",\"@id\":\"https:\\\/\\\/www.monasteriosanjuan.com\\\/#website\",\"url\":\"https:\\\/\\\/www.monasteriosanjuan.com\\\/\",\"name\":\"Monasterio de San Juan de la Pe\u00f1a\",\"description\":\"\",\"publisher\":{\"@id\":\"https:\\\/\\\/www.monasteriosanjuan.com\\\/#organization\"},\"potentialAction\":[{\"@type\":\"SearchAction\",\"target\":{\"@type\":\"EntryPoint\",\"urlTemplate\":\"https:\\\/\\\/www.monasteriosanjuan.com\\\/?s={search_term_string}\"},\"query-input\":{\"@type\":\"PropertyValueSpecification\",\"valueRequired\":true,\"valueName\":\"search_term_string\"}}],\"inLanguage\":\"fr-FR\"},{\"@type\":\"Organization\",\"@id\":\"https:\\\/\\\/www.monasteriosanjuan.com\\\/#organization\",\"name\":\"Monasterio de San Juan de la Pe\u00f1a\",\"url\":\"https:\\\/\\\/www.monasteriosanjuan.com\\\/\",\"logo\":{\"@type\":\"ImageObject\",\"inLanguage\":\"fr-FR\",\"@id\":\"https:\\\/\\\/www.monasteriosanjuan.com\\\/#\\\/schema\\\/logo\\\/image\\\/\",\"url\":\"https:\\\/\\\/www.monasteriosanjuan.com\\\/wp-content\\\/uploads\\\/2022\\\/01\\\/logo-san-juan.png\",\"contentUrl\":\"https:\\\/\\\/www.monasteriosanjuan.com\\\/wp-content\\\/uploads\\\/2022\\\/01\\\/logo-san-juan.png\",\"width\":500,\"height\":500,\"caption\":\"Monasterio de San Juan de la Pe\u00f1a\"},\"image\":{\"@id\":\"https:\\\/\\\/www.monasteriosanjuan.com\\\/#\\\/schema\\\/logo\\\/image\\\/\"},\"sameAs\":[\"https:\\\/\\\/www.facebook.com\\\/TurismodeAragon\\\/\",\"https:\\\/\\\/x.com\\\/aragonturismo\"]}]}<\/script>\n<!-- \/ Yoast SEO plugin. -->","yoast_head_json":{"title":"Caf\u00e9t\u00e9ria - Monasterio de San Juan de la Pe\u00f1a","description":"Situ\u00e9 dans le nouveau monast\u00e8re,, il propose une s\u00e9lection de sandwichs chauds, de pizzas fra\u00eechement pr\u00e9par\u00e9es, de toasts et de salades.","robots":{"index":"index","follow":"follow","max-snippet":"max-snippet:-1","max-image-preview":"max-image-preview:large","max-video-preview":"max-video-preview:-1"},"canonical":"https:\/\/www.monasteriosanjuan.com\/fr\/cafeteria-restaurante\/","og_locale":"fr_FR","og_type":"article","og_title":"Caf\u00e9t\u00e9ria - Monasterio de San Juan de la Pe\u00f1a","og_description":"Situ\u00e9 dans le nouveau monast\u00e8re,, il propose une s\u00e9lection de sandwichs chauds, de pizzas fra\u00eechement pr\u00e9par\u00e9es, de toasts et de salades.","og_url":"https:\/\/www.monasteriosanjuan.com\/fr\/cafeteria-restaurante\/","og_site_name":"Monasterio de San Juan de la Pe\u00f1a","article_publisher":"https:\/\/www.facebook.com\/TurismodeAragon\/","article_modified_time":"2026-03-06T08:17:42+00:00","og_image":[{"width":1920,"height":515,"url":"https:\/\/www.monasteriosanjuan.com\/wp-content\/uploads\/2022\/02\/cafeteria-slider.jpg","type":"image\/jpeg"}],"twitter_card":"summary_large_image","twitter_site":"@aragonturismo","twitter_misc":{"Dur\u00e9e de lecture estim\u00e9e":"1 minute"},"schema":{"@context":"https:\/\/schema.org","@graph":[{"@type":"WebPage","@id":"https:\/\/www.monasteriosanjuan.com\/fr\/cafeteria-restaurante\/","url":"https:\/\/www.monasteriosanjuan.com\/fr\/cafeteria-restaurante\/","name":"Caf\u00e9t\u00e9ria - Monasterio de San Juan de la Pe\u00f1a","isPartOf":{"@id":"https:\/\/www.monasteriosanjuan.com\/#website"},"primaryImageOfPage":{"@id":"https:\/\/www.monasteriosanjuan.com\/fr\/cafeteria-restaurante\/#primaryimage"},"image":{"@id":"https:\/\/www.monasteriosanjuan.com\/fr\/cafeteria-restaurante\/#primaryimage"},"thumbnailUrl":"https:\/\/www.monasteriosanjuan.com\/wp-content\/uploads\/2022\/02\/cafeteria-slider.jpg","datePublished":"2022-02-22T09:09:51+00:00","dateModified":"2026-03-06T08:17:42+00:00","description":"Situ\u00e9 dans le nouveau monast\u00e8re,, il propose une s\u00e9lection de sandwichs chauds, de pizzas fra\u00eechement pr\u00e9par\u00e9es, de toasts et de salades.","breadcrumb":{"@id":"https:\/\/www.monasteriosanjuan.com\/fr\/cafeteria-restaurante\/#breadcrumb"},"inLanguage":"fr-FR","potentialAction":[{"@type":"ReadAction","target":["https:\/\/www.monasteriosanjuan.com\/fr\/cafeteria-restaurante\/"]}]},{"@type":"ImageObject","inLanguage":"fr-FR","@id":"https:\/\/www.monasteriosanjuan.com\/fr\/cafeteria-restaurante\/#primaryimage","url":"https:\/\/www.monasteriosanjuan.com\/wp-content\/uploads\/2022\/02\/cafeteria-slider.jpg","contentUrl":"https:\/\/www.monasteriosanjuan.com\/wp-content\/uploads\/2022\/02\/cafeteria-slider.jpg","width":1920,"height":515,"caption":"cafeteria slider"},{"@type":"BreadcrumbList","@id":"https:\/\/www.monasteriosanjuan.com\/fr\/cafeteria-restaurante\/#breadcrumb","itemListElement":[{"@type":"ListItem","position":1,"name":"Portada","item":"https:\/\/www.monasteriosanjuan.com\/fr\/"},{"@type":"ListItem","position":2,"name":"Caf\u00e9t\u00e9ria"}]},{"@type":"WebSite","@id":"https:\/\/www.monasteriosanjuan.com\/#website","url":"https:\/\/www.monasteriosanjuan.com\/","name":"Monasterio de San Juan de la Pe\u00f1a","description":"","publisher":{"@id":"https:\/\/www.monasteriosanjuan.com\/#organization"},"potentialAction":[{"@type":"SearchAction","target":{"@type":"EntryPoint","urlTemplate":"https:\/\/www.monasteriosanjuan.com\/?s={search_term_string}"},"query-input":{"@type":"PropertyValueSpecification","valueRequired":true,"valueName":"search_term_string"}}],"inLanguage":"fr-FR"},{"@type":"Organization","@id":"https:\/\/www.monasteriosanjuan.com\/#organization","name":"Monasterio de San Juan de la Pe\u00f1a","url":"https:\/\/www.monasteriosanjuan.com\/","logo":{"@type":"ImageObject","inLanguage":"fr-FR","@id":"https:\/\/www.monasteriosanjuan.com\/#\/schema\/logo\/image\/","url":"https:\/\/www.monasteriosanjuan.com\/wp-content\/uploads\/2022\/01\/logo-san-juan.png","contentUrl":"https:\/\/www.monasteriosanjuan.com\/wp-content\/uploads\/2022\/01\/logo-san-juan.png","width":500,"height":500,"caption":"Monasterio de San Juan de la Pe\u00f1a"},"image":{"@id":"https:\/\/www.monasteriosanjuan.com\/#\/schema\/logo\/image\/"},"sameAs":["https:\/\/www.facebook.com\/TurismodeAragon\/","https:\/\/x.com\/aragonturismo"]}]}},"_links":{"self":[{"href":"https:\/\/www.monasteriosanjuan.com\/fr\/wp-json\/wp\/v2\/pages\/906","targetHints":{"allow":["GET"]}}],"collection":[{"href":"https:\/\/www.monasteriosanjuan.com\/fr\/wp-json\/wp\/v2\/pages"}],"about":[{"href":"https:\/\/www.monasteriosanjuan.com\/fr\/wp-json\/wp\/v2\/types\/page"}],"author":[{"embeddable":true,"href":"https:\/\/www.monasteriosanjuan.com\/fr\/wp-json\/wp\/v2\/users\/1"}],"replies":[{"embeddable":true,"href":"https:\/\/www.monasteriosanjuan.com\/fr\/wp-json\/wp\/v2\/comments?post=906"}],"version-history":[{"count":35,"href":"https:\/\/www.monasteriosanjuan.com\/fr\/wp-json\/wp\/v2\/pages\/906\/revisions"}],"predecessor-version":[{"id":3182,"href":"https:\/\/www.monasteriosanjuan.com\/fr\/wp-json\/wp\/v2\/pages\/906\/revisions\/3182"}],"wp:featuredmedia":[{"embeddable":true,"href":"https:\/\/www.monasteriosanjuan.com\/fr\/wp-json\/wp\/v2\/media\/668"}],"wp:attachment":[{"href":"https:\/\/www.monasteriosanjuan.com\/fr\/wp-json\/wp\/v2\/media?parent=906"}],"curies":[{"name":"wp","href":"https:\/\/api.w.org\/{rel}","templated":true}]}}