{"id":894,"date":"2022-01-17T17:49:17","date_gmt":"2022-01-17T16:49:17","guid":{"rendered":"https:\/\/monasteriosanjuan.com\/como-llegar\/"},"modified":"2026-03-16T10:02:18","modified_gmt":"2026-03-16T09:02:18","slug":"como-llegar","status":"publish","type":"page","link":"https:\/\/www.monasteriosanjuan.com\/fr\/como-llegar\/","title":{"rendered":"La Visite"},"content":{"rendered":"<section class=\"l-section wpb_row height_medium\"><div class=\"l-section-h i-cf\"><div class=\"g-cols vc_row via_grid cols_1 laptops-cols_inherit tablets-cols_inherit mobiles-cols_1 valign_top type_default stacking_default\"><div class=\"wpb_column vc_column_container\"><div class=\"vc_column-inner\"><div class=\"wpb_text_column\"><div class=\"wpb_wrapper\"><h2 style=\"text-align: center;\">Trois monuments, un seul billet<\/h2>\n<\/div><\/div><\/div><\/div><\/div><\/div><\/section><section class=\"l-section wpb_row us_custom_c43be910 height_auto\"><div class=\"l-section-h i-cf\"><div class=\"g-cols vc_row via_grid cols_2 laptops-cols_inherit tablets-cols_inherit mobiles-cols_1 valign_top type_default stacking_default\"><div class=\"wpb_column vc_column_container\"><div class=\"vc_column-inner\"><div class=\"w-image us_custom_7e20fa79 us_animate_this align_center\"><a ref=\"magnificPopup\" href=\"https:\/\/www.monasteriosanjuan.com\/wp-content\/uploads\/2022\/07\/folleto-informativo.jpg\" aria-label=\"folleto-informativo\" class=\"w-image-h\"><img decoding=\"async\" width=\"850\" height=\"1200\" src=\"https:\/\/www.monasteriosanjuan.com\/wp-content\/uploads\/2022\/07\/folleto-informativo.jpg\" class=\"attachment-full size-full\" alt=\"folleto informativo\" loading=\"lazy\" srcset=\"https:\/\/www.monasteriosanjuan.com\/wp-content\/uploads\/2022\/07\/folleto-informativo.jpg 850w, https:\/\/www.monasteriosanjuan.com\/wp-content\/uploads\/2022\/07\/folleto-informativo-213x300.jpg 213w, https:\/\/www.monasteriosanjuan.com\/wp-content\/uploads\/2022\/07\/folleto-informativo-725x1024.jpg 725w\" sizes=\"auto, (max-width: 850px) 100vw, 850px\" \/><\/a><\/div><\/div><\/div><div class=\"wpb_column vc_column_container\"><div class=\"vc_column-inner\"><div class=\"wpb_text_column\"><div class=\"wpb_wrapper\"><p>Le billet comprend l&rsquo;acc\u00e8s \u00e0 trois monuments\u00a0:<\/p>\n<ul>\n<li>Monast\u00e8re Royal de San Juan de la Pe\u00f1a (Ancien Monast\u00e8re).<\/li>\n<li>Centre d&rsquo;interpr\u00e9tation du Monast\u00e8re (Nouveau Monast\u00e8re).<\/li>\n<li>\u00c9glise de Santa Mar\u00eda, situ\u00e9e \u00e0 Santa Cruz de la Ser\u00f3s.<\/li>\n<\/ul>\n<\/div><\/div><div class=\"w-separator size_small\"><\/div><div class=\"g-cols wpb_row us_custom_91b2add3 via_grid cols_1 laptops-cols_inherit tablets-cols_inherit mobiles-cols_1 valign_middle type_default stacking_default\" style=\"--columns-gap:2rem;\"><div class=\"wpb_column vc_column_container\"><div class=\"vc_column-inner\"><div class=\"wpb_text_column\"><div class=\"wpb_wrapper\"><p><strong>POINTS D\u2019INT\u00c9R\u00caT<\/strong><\/p>\n<ol>\n<li>\n<div>Ancien Monast\u00e8re (si\u00e8cles XI-XII)<\/div>\n<\/li>\n<li>\n<div>Nouveau Monast\u00e8re (si\u00e8cle XVII) \/ Centre d&rsquo;interpr\u00e9tation du Monast\u00e8re<\/div>\n<\/li>\n<li>\n<div>\u00c9glise de Santa Mar\u00eda (si\u00e8cle XI)<\/div>\n<\/li>\n<li>\n<div>Vente de tickets and boutique<\/div>\n<\/li>\n<li>\n<div>Centre d&rsquo;Interpr\u00e9tation du Paysage prot\u00e9g\u00e9 de San Juan de la Pe\u00f1a et Monte Oroel<\/div>\n<\/li>\n<\/ol>\n<p><strong>BELV\u00c9D\u00c8RES<\/strong><\/p>\n<ol start=\"6\">\n<li>Balcon des Pyr\u00e9n\u00e9es<\/li>\n<li>Belv\u00e9d\u00e8re de Saint Vote<\/li>\n<li>Belv\u00e9d\u00e8re de Santa Teresa<\/li>\n<\/ol>\n<\/div><\/div><\/div><\/div><\/div><div class=\"w-separator size_medium\"><\/div><div class=\"w-image align_center\"><a target=\"_blank\" rel=\"nofollow\" href=\"https:\/\/shop.articketing.com\/monuments\/monasterio-de-san-juan-de-la-pena \" aria-label=\"icono tickets\" class=\"w-image-h\"><img decoding=\"async\" width=\"183\" height=\"50\" src=\"https:\/\/www.monasteriosanjuan.com\/wp-content\/uploads\/2022\/03\/icono-tickets.png\" class=\"attachment-full size-full\" alt=\"icono tickets\" loading=\"lazy\" \/><\/a><\/div><\/div><\/div><\/div><\/div><\/section><section class=\"l-section wpb_row height_medium\"><div class=\"l-section-overlay\" style=\"background:#e8e8e8\"><\/div><div class=\"l-section-h i-cf\"><div class=\"g-cols vc_row via_grid cols_2 laptops-cols_inherit tablets-cols_inherit mobiles-cols_1 valign_top type_default reversed stacking_default\"><div class=\"wpb_column vc_column_container\"><div class=\"vc_column-inner\"><div class=\"wpb_text_column\"><div class=\"wpb_wrapper\"><h3>Visite guid\u00e9e<\/h3>\n<p><strong>Si vous voulez faire la visite guid\u00e9e \u00e0 l\u2019Ancien Monast\u00e8re, vous devez arriver au moins 30 minutes avant l&rsquo;heure pr\u00e9vue pour le d\u00e9but.<\/strong><\/p>\n<p>Il n\u2019y a pas de visites guid\u00e9es du Nouveau Monast\u00e8re et de l\u2019\u00e9glise de Santa Mar\u00eda, vous pouvez les visiter librement.<\/p>\n<p>Les animaux ne sont pas admis \u00e0 l&rsquo;int\u00e9rieur des monuments ni dans la navette.<\/p>\n<\/div><\/div><\/div><\/div><div class=\"wpb_column vc_column_container\"><div class=\"vc_column-inner\"><div class=\"wpb_text_column\"><div class=\"wpb_wrapper\"><h3>Parking et navette<\/h3>\n<p>Vous devez garer votre voiture au Nouveau Monast\u00e8re et puis prendre le bus jusqu&rsquo;\u00e0 l&rsquo;Ancien Monast\u00e8re. Ils sont \u00e0 1,5 km l&rsquo;un de l&rsquo;autre et il y a un service de navette entre les deux.<\/p>\n<p>Aux dates avec peu d&rsquo;afflux de visiteurs, le service de navette entre les monast\u00e8res est supprim\u00e9 et le stationnement est autoris\u00e9 \u00e0 c\u00f4t\u00e9 de l&rsquo;Ancien Monast\u00e8re.<\/p>\n<\/div><\/div><\/div><\/div><\/div><\/div><\/section><section class=\"l-section wpb_row height_auto\"><div class=\"l-section-overlay\" style=\"background:#e8e8e8\"><\/div><div class=\"l-section-h i-cf\"><div class=\"g-cols vc_row via_grid cols_1-2-1 laptops-cols_inherit tablets-cols_inherit mobiles-cols_1 valign_top type_default reversed stacking_default\"><div class=\"wpb_column vc_column_container\"><div class=\"vc_column-inner\"><\/div><\/div><div class=\"wpb_column vc_column_container\"><div class=\"vc_column-inner\"><div class=\"w-image align_center\"><a target=\"_blank\" rel=\"nofollow\" href=\"https:\/\/www.monasteriosanjuan.com\/wp-content\/uploads\/2025\/10\/Folleto-Monasterio-San-Juan-de-la-Pena-2025.pdf\" aria-label=\"Portada folleto San Juan de la Pe\u00f1a\" class=\"w-image-h\"><img decoding=\"async\" width=\"300\" height=\"300\" src=\"https:\/\/www.monasteriosanjuan.com\/wp-content\/uploads\/2025\/10\/Portada-folleto-San-Juan-de-la-Pena-300x300.jpg\" class=\"attachment-medium size-medium\" alt=\"Portada folleto San Juan de la Pe\u00f1a\" loading=\"lazy\" srcset=\"https:\/\/www.monasteriosanjuan.com\/wp-content\/uploads\/2025\/10\/Portada-folleto-San-Juan-de-la-Pena-300x300.jpg 300w, https:\/\/www.monasteriosanjuan.com\/wp-content\/uploads\/2025\/10\/Portada-folleto-San-Juan-de-la-Pena-150x150.jpg 150w, https:\/\/www.monasteriosanjuan.com\/wp-content\/uploads\/2025\/10\/Portada-folleto-San-Juan-de-la-Pena.jpg 600w\" sizes=\"auto, (max-width: 300px) 100vw, 300px\" \/><\/a><\/div><div class=\"w-separator size_small\"><\/div><div class=\"wpb_text_column\"><div class=\"wpb_wrapper\"><p style=\"text-align: center;\"><strong><a href=\"https:\/\/www.monasteriosanjuan.com\/wp-content\/uploads\/2025\/10\/Folleto-Monasterio-San-Juan-de-la-Pena-2025.pdf\">T\u00e9l\u00e9chargez notre brochure touristique<\/a><\/strong><\/p>\n<\/div><\/div><div class=\"w-separator size_medium\"><\/div><\/div><\/div><div class=\"wpb_column vc_column_container\"><div class=\"vc_column-inner\"><\/div><\/div><\/div><\/div><\/section><section class=\"l-section wpb_row height_medium\" id=\"tarifs\"><div class=\"l-section-h i-cf\"><div class=\"g-cols vc_row via_grid cols_2 laptops-cols_inherit tablets-cols_inherit mobiles-cols_1 valign_top type_default stacking_default\"><div class=\"wpb_column vc_column_container\"><div class=\"vc_column-inner\"><div class=\"wpb_text_column\"><div class=\"wpb_wrapper\"><h3>Tarifs<\/h3>\n<p><strong>Tarif Normal<\/strong> 12 \u20ac<\/p>\n<p><strong>Tarif R\u00e9duit<\/strong> 7,50 \u20ac<br \/>\n+ 65, de 6 \u00e0 14 ans, Carte P\u00e8lerin, Carte Jeune, Handicap\u00e9s (degr\u00e9 +50%), Famille nombreuse, Groupe (+20 personnes payantes)<\/p>\n<p><strong>Tarif Enfants Gratuit<\/strong> 0 \u20ac<br \/>\nMoins de 6 ans<\/p>\n<\/div><\/div><div class=\"w-image us_custom_7e20fa79 us_animate_this align_center\"><div class=\"w-image-h\"><img decoding=\"async\" width=\"1024\" height=\"560\" src=\"https:\/\/www.monasteriosanjuan.com\/wp-content\/uploads\/2024\/05\/San-Juan-de-la-Pena-1024x560.jpg\" class=\"attachment-large size-large\" alt=\"San Juan de la Pe\u00f1a\" loading=\"lazy\" srcset=\"https:\/\/www.monasteriosanjuan.com\/wp-content\/uploads\/2024\/05\/San-Juan-de-la-Pena-1024x560.jpg 1024w, https:\/\/www.monasteriosanjuan.com\/wp-content\/uploads\/2024\/05\/San-Juan-de-la-Pena-300x164.jpg 300w, https:\/\/www.monasteriosanjuan.com\/wp-content\/uploads\/2024\/05\/San-Juan-de-la-Pena.jpg 1292w\" sizes=\"auto, (max-width: 1024px) 100vw, 1024px\" \/><\/div><\/div><\/div><\/div><div class=\"wpb_column vc_column_container\"><div class=\"vc_column-inner\"><div class=\"wpb_text_column\"><div class=\"wpb_wrapper\"><h3>Horaires<br \/>\n(Monast\u00e8res et \u00e9glise de Santa Mar\u00eda)<\/h3>\n<p><strong>Du 16 mars au 31 mai<\/strong><br \/>\nAncien Monast\u00e8re : de 10 \u00e0 14 h. et de 15 :30 \u00e0 19 h.<br \/>\nNouveau Monast\u00e8re : de 10 \u00e0 19 h.<br \/>\n\u00c9glise de Santa Mar\u00eda (Santa Cruz de la Ser\u00f3s) : de 10 \u00e0 14 h. et de 15 :30 \u00e0 19 h.<\/p>\n<p><strong>Du 1er juin au 31 Ao\u00fbt<\/strong><br \/>\nAncien Monast\u00e8re : de 10 \u00e0 14 h. et de 15 \u00e0 20 h.<br \/>\nNouveau Monast\u00e8re : de 10 \u00e0 20 h.<br \/>\n\u00c9glise de Santa Mar\u00eda (Santa Cruz de la Ser\u00f3s) : de 10 \u00e0 14 h. et de 15 \u00e0 20 h.<\/p>\n<p><strong>Du 1er septembre au 31 octobre<\/strong><br \/>\nAncien Monast\u00e8re : de 10 \u00e0 14 h. et de 15 :30 \u00e0 19 h.<br \/>\nNouveau Monast\u00e8re : de 10 \u00e0 19 h.<br \/>\n\u00c9glise de Santa Mar\u00eda (Santa Cruz de la Ser\u00f3s) : de 10 \u00e0 14 h. et de 15 :30 \u00e0 19 h.<\/p>\n<p><strong>Du 1er novembre au 28 f\u00e9vrier<\/strong><br \/>\nSamedi : de 10 \u00e0 17 h.<br \/>\nDe lundi \u00e0 vendredi et dimanches : de 10 \u00e0 14 h.<\/p>\n<p><strong>Du 1er au 15 mars<\/strong><br \/>\nDe lundi \u00e0 dimanche : de 10 \u00e0 17 h.<\/p>\n<\/div><\/div><\/div><\/div><\/div><\/div><\/section><section class=\"l-section wpb_row height_medium width_full with_img parallax_ver\" id=\"aller\"><div class=\"l-section-img\" role=\"img\" aria-label=\"Fondo barra home\" data-img-width=\"1920\" data-img-height=\"520\" style=\"background-image: url(https:\/\/www.monasteriosanjuan.com\/wp-content\/uploads\/2022\/01\/fondo-barra-home.jpg);\"><\/div><div class=\"l-section-h i-cf\"><div class=\"g-cols vc_row via_grid cols_1 laptops-cols_inherit tablets-cols_inherit mobiles-cols_1 valign_top type_default stacking_default\"><div class=\"wpb_column vc_column_container\"><div class=\"vc_column-inner\"><div class=\"wpb_text_column us_custom_ed05b3dd has_text_color\"><div class=\"wpb_wrapper\"><h2 style=\"text-align: center;\">Comment y aller<\/h2>\n<\/div><\/div><\/div><\/div><\/div><\/div><\/section><section class=\"l-section wpb_row height_medium\"><div class=\"l-section-h i-cf\"><div class=\"g-cols vc_row via_grid cols_2 laptops-cols_inherit tablets-cols_inherit mobiles-cols_1 valign_top type_default stacking_default\"><div class=\"wpb_column vc_column_container\"><div class=\"vc_column-inner\"><div class=\"wpb_text_column\"><div class=\"wpb_wrapper\"><p>Situ\u00e9 dans une des Montagnes Ext\u00e9rieures des Pyr\u00e9n\u00e9es Centrales, San Juan de la Pe\u00f1a fait partie du <strong>Paysage Prot\u00e9g\u00e9 de San Juan de la Pe\u00f1a et du Mont Oroel<\/strong>, proche \u00e0 la ville de <strong>Jaca<\/strong>.<\/p>\n<p><strong>EN VOITURE<\/strong><br \/>\nLe meilleur acc\u00e8s pour arriver \u00e0 l&rsquo;ensemble monumental est celui qui se r\u00e9alise \u00e0 travers la <strong>route N-240 (Jaca\/Pampelune)<\/strong>, en prenant la d\u00e9viation au beau village de <strong>Santa Cruz de la Ser\u00f3s<\/strong>. Une route de montagne qui part du village nous emm\u00e8ne jusqu&rsquo;au\u00a0<strong>Vieux Monast\u00e8re<\/strong>, \u00e0 7 Km, et depuis ce point-l\u00e0 c\u00b4 est n\u00e9cessaire parcourir 1,5 Km plus jusqu&rsquo;au\u00a0<strong>Nouveau Monast\u00e8re<\/strong>\u00a0et les Centres d&rsquo;Interpr\u00e9tation.<\/p>\n<p><strong>EN BUS<\/strong><br \/>\nZaragoza &#8211; Jaca<br \/>\nHuesca &#8211; Jaca<br \/>\nPamplona &#8211; Jaca<\/p>\n<p><strong>EN TRAIN<\/strong><br \/>\nAVE (Train \u00e0 Grande Vitesse) de Madrid ou Barcelone jusqu&rsquo;\u00e0 Huesca<br \/>\nRoute d\u00e9partementale de Huesca jusqu&rsquo;\u00e0 Jaca<\/p>\n<p><strong>EN AVION<\/strong><br \/>\nA\u00e9roport de Saragosse<br \/>\nA\u00e9roport de Pampelune<\/p>\n<\/div><\/div><\/div><\/div><div class=\"wpb_column vc_column_container\"><div class=\"vc_column-inner\"><div class=\"w-html\"><iframe src=\"https:\/\/www.google.com\/maps\/embed?pb=!1m14!1m8!1m3!1d11764.847090809739!2d-0.6663411!3d42.5083074!3m2!1i1024!2i768!4f13.1!3m3!1m2!1s0x0%3A0xe05bc8bbccf40e5b!2sReal%20monasterio%20de%20San%20Juan%20de%20la%20Pe%C3%B1a!5e0!3m2!1ses!2ses!4v1642438719721!5m2!1ses!2ses\" width=\"100%\" height=\"600\" style=\"border:0;\" allowfullscreen=\"\" loading=\"lazy\"><\/iframe><\/div><\/div><\/div><\/div><\/div><\/section>\n","protected":false},"excerpt":{"rendered":"Trois monuments, un seul billet Le billet comprend l&rsquo;acc\u00e8s \u00e0 trois monuments\u00a0: Monast\u00e8re Royal de San Juan de la Pe\u00f1a (Ancien Monast\u00e8re). Centre d&rsquo;interpr\u00e9tation du Monast\u00e8re (Nouveau Monast\u00e8re). \u00c9glise de Santa Mar\u00eda, situ\u00e9e \u00e0 Santa Cruz de la Ser\u00f3s. POINTS D\u2019INT\u00c9R\u00caT Ancien Monast\u00e8re (si\u00e8cles XI-XII) Nouveau Monast\u00e8re (si\u00e8cle XVII) \/ Centre d&rsquo;interpr\u00e9tation du Monast\u00e8re \u00c9glise...","protected":false},"author":1,"featured_media":803,"parent":0,"menu_order":0,"comment_status":"closed","ping_status":"closed","template":"","meta":{"footnotes":"","beyondwords_generate_audio":"1","beyondwords_integration_method":"rest-api","beyondwords_project_id":"16710","beyondwords_content_id":"b261baf0-9154-4ee2-b59c-363f625cdf12","beyondwords_preview_token":"","beyondwords_player_content":"","beyondwords_player_style":"","beyondwords_language_code":"","beyondwords_language_id":"","beyondwords_title_voice_id":"","beyondwords_body_voice_id":"","beyondwords_summary_voice_id":"","beyondwords_error_message":"#401: Unauthorized","beyondwords_disabled":"","beyondwords_delete_content":"","beyondwords_podcast_id":"b261baf0-9154-4ee2-b59c-363f625cdf12","beyondwords_hash":"fc69a27cf742383eaa38fb1acaff30ae4d6c658b","publish_post_to_speechkit":"1","speechkit_hash":"","speechkit_generate_audio":"1","speechkit_project_id":"","speechkit_podcast_id":"","speechkit_error_message":"","speechkit_disabled":"","speechkit_access_key":"","speechkit_error":"","speechkit_info":"","speechkit_response":"","speechkit_retries":"","speechkit_status":"Error","speechkit_updated_at":"","_speechkit_link":"","_speechkit_text":""},"class_list":["post-894","page","type-page","status-publish","has-post-thumbnail","hentry"],"yoast_head":"<!-- This site is optimized with the Yoast SEO plugin v27.4 - https:\/\/yoast.com\/product\/yoast-seo-wordpress\/ -->\n<title>La Visite - Monasterio de San Juan de la Pe\u00f1a<\/title>\n<meta name=\"robots\" content=\"index, follow, max-snippet:-1, max-image-preview:large, max-video-preview:-1\" \/>\n<link rel=\"canonical\" href=\"https:\/\/www.monasteriosanjuan.com\/fr\/como-llegar\/\" \/>\n<meta property=\"og:locale\" content=\"fr_FR\" \/>\n<meta property=\"og:type\" content=\"article\" \/>\n<meta property=\"og:title\" content=\"La Visite - Monasterio de San Juan de la Pe\u00f1a\" \/>\n<meta property=\"og:url\" content=\"https:\/\/www.monasteriosanjuan.com\/fr\/como-llegar\/\" \/>\n<meta property=\"og:site_name\" content=\"Monasterio de San Juan de la Pe\u00f1a\" \/>\n<meta property=\"article:publisher\" content=\"https:\/\/www.facebook.com\/TurismodeAragon\/\" \/>\n<meta property=\"article:modified_time\" content=\"2026-03-16T09:02:18+00:00\" \/>\n<meta property=\"og:image\" content=\"https:\/\/www.monasteriosanjuan.com\/wp-content\/uploads\/2022\/01\/san-juan-de-la-pena.jpg\" \/>\n\t<meta property=\"og:image:width\" content=\"1920\" \/>\n\t<meta property=\"og:image:height\" content=\"1280\" \/>\n\t<meta property=\"og:image:type\" content=\"image\/jpeg\" \/>\n<meta name=\"twitter:card\" content=\"summary_large_image\" \/>\n<meta name=\"twitter:site\" content=\"@aragonturismo\" \/>\n<meta name=\"twitter:label1\" content=\"Dur\u00e9e de lecture estim\u00e9e\" \/>\n\t<meta name=\"twitter:data1\" content=\"4 minutes\" \/>\n<script type=\"application\/ld+json\" class=\"yoast-schema-graph\">{\"@context\":\"https:\\\/\\\/schema.org\",\"@graph\":[{\"@type\":\"WebPage\",\"@id\":\"https:\\\/\\\/www.monasteriosanjuan.com\\\/fr\\\/como-llegar\\\/\",\"url\":\"https:\\\/\\\/www.monasteriosanjuan.com\\\/fr\\\/como-llegar\\\/\",\"name\":\"La Visite - Monasterio de San Juan de la Pe\u00f1a\",\"isPartOf\":{\"@id\":\"https:\\\/\\\/www.monasteriosanjuan.com\\\/#website\"},\"primaryImageOfPage\":{\"@id\":\"https:\\\/\\\/www.monasteriosanjuan.com\\\/fr\\\/como-llegar\\\/#primaryimage\"},\"image\":{\"@id\":\"https:\\\/\\\/www.monasteriosanjuan.com\\\/fr\\\/como-llegar\\\/#primaryimage\"},\"thumbnailUrl\":\"https:\\\/\\\/www.monasteriosanjuan.com\\\/wp-content\\\/uploads\\\/2022\\\/01\\\/san-juan-de-la-pena.jpg\",\"datePublished\":\"2022-01-17T16:49:17+00:00\",\"dateModified\":\"2026-03-16T09:02:18+00:00\",\"breadcrumb\":{\"@id\":\"https:\\\/\\\/www.monasteriosanjuan.com\\\/fr\\\/como-llegar\\\/#breadcrumb\"},\"inLanguage\":\"fr-FR\",\"potentialAction\":[{\"@type\":\"ReadAction\",\"target\":[\"https:\\\/\\\/www.monasteriosanjuan.com\\\/fr\\\/como-llegar\\\/\"]}]},{\"@type\":\"ImageObject\",\"inLanguage\":\"fr-FR\",\"@id\":\"https:\\\/\\\/www.monasteriosanjuan.com\\\/fr\\\/como-llegar\\\/#primaryimage\",\"url\":\"https:\\\/\\\/www.monasteriosanjuan.com\\\/wp-content\\\/uploads\\\/2022\\\/01\\\/san-juan-de-la-pena.jpg\",\"contentUrl\":\"https:\\\/\\\/www.monasteriosanjuan.com\\\/wp-content\\\/uploads\\\/2022\\\/01\\\/san-juan-de-la-pena.jpg\",\"width\":1920,\"height\":1280},{\"@type\":\"BreadcrumbList\",\"@id\":\"https:\\\/\\\/www.monasteriosanjuan.com\\\/fr\\\/como-llegar\\\/#breadcrumb\",\"itemListElement\":[{\"@type\":\"ListItem\",\"position\":1,\"name\":\"Portada\",\"item\":\"https:\\\/\\\/www.monasteriosanjuan.com\\\/fr\\\/\"},{\"@type\":\"ListItem\",\"position\":2,\"name\":\"La Visite\"}]},{\"@type\":\"WebSite\",\"@id\":\"https:\\\/\\\/www.monasteriosanjuan.com\\\/#website\",\"url\":\"https:\\\/\\\/www.monasteriosanjuan.com\\\/\",\"name\":\"Monasterio de San Juan de la Pe\u00f1a\",\"description\":\"\",\"publisher\":{\"@id\":\"https:\\\/\\\/www.monasteriosanjuan.com\\\/#organization\"},\"potentialAction\":[{\"@type\":\"SearchAction\",\"target\":{\"@type\":\"EntryPoint\",\"urlTemplate\":\"https:\\\/\\\/www.monasteriosanjuan.com\\\/?s={search_term_string}\"},\"query-input\":{\"@type\":\"PropertyValueSpecification\",\"valueRequired\":true,\"valueName\":\"search_term_string\"}}],\"inLanguage\":\"fr-FR\"},{\"@type\":\"Organization\",\"@id\":\"https:\\\/\\\/www.monasteriosanjuan.com\\\/#organization\",\"name\":\"Monasterio de San Juan de la Pe\u00f1a\",\"url\":\"https:\\\/\\\/www.monasteriosanjuan.com\\\/\",\"logo\":{\"@type\":\"ImageObject\",\"inLanguage\":\"fr-FR\",\"@id\":\"https:\\\/\\\/www.monasteriosanjuan.com\\\/#\\\/schema\\\/logo\\\/image\\\/\",\"url\":\"https:\\\/\\\/www.monasteriosanjuan.com\\\/wp-content\\\/uploads\\\/2022\\\/01\\\/logo-san-juan.png\",\"contentUrl\":\"https:\\\/\\\/www.monasteriosanjuan.com\\\/wp-content\\\/uploads\\\/2022\\\/01\\\/logo-san-juan.png\",\"width\":500,\"height\":500,\"caption\":\"Monasterio de San Juan de la Pe\u00f1a\"},\"image\":{\"@id\":\"https:\\\/\\\/www.monasteriosanjuan.com\\\/#\\\/schema\\\/logo\\\/image\\\/\"},\"sameAs\":[\"https:\\\/\\\/www.facebook.com\\\/TurismodeAragon\\\/\",\"https:\\\/\\\/x.com\\\/aragonturismo\"]}]}<\/script>\n<!-- \/ Yoast SEO plugin. -->","yoast_head_json":{"title":"La Visite - Monasterio de San Juan de la Pe\u00f1a","robots":{"index":"index","follow":"follow","max-snippet":"max-snippet:-1","max-image-preview":"max-image-preview:large","max-video-preview":"max-video-preview:-1"},"canonical":"https:\/\/www.monasteriosanjuan.com\/fr\/como-llegar\/","og_locale":"fr_FR","og_type":"article","og_title":"La Visite - Monasterio de San Juan de la Pe\u00f1a","og_url":"https:\/\/www.monasteriosanjuan.com\/fr\/como-llegar\/","og_site_name":"Monasterio de San Juan de la Pe\u00f1a","article_publisher":"https:\/\/www.facebook.com\/TurismodeAragon\/","article_modified_time":"2026-03-16T09:02:18+00:00","og_image":[{"width":1920,"height":1280,"url":"https:\/\/www.monasteriosanjuan.com\/wp-content\/uploads\/2022\/01\/san-juan-de-la-pena.jpg","type":"image\/jpeg"}],"twitter_card":"summary_large_image","twitter_site":"@aragonturismo","twitter_misc":{"Dur\u00e9e de lecture estim\u00e9e":"4 minutes"},"schema":{"@context":"https:\/\/schema.org","@graph":[{"@type":"WebPage","@id":"https:\/\/www.monasteriosanjuan.com\/fr\/como-llegar\/","url":"https:\/\/www.monasteriosanjuan.com\/fr\/como-llegar\/","name":"La Visite - Monasterio de San Juan de la Pe\u00f1a","isPartOf":{"@id":"https:\/\/www.monasteriosanjuan.com\/#website"},"primaryImageOfPage":{"@id":"https:\/\/www.monasteriosanjuan.com\/fr\/como-llegar\/#primaryimage"},"image":{"@id":"https:\/\/www.monasteriosanjuan.com\/fr\/como-llegar\/#primaryimage"},"thumbnailUrl":"https:\/\/www.monasteriosanjuan.com\/wp-content\/uploads\/2022\/01\/san-juan-de-la-pena.jpg","datePublished":"2022-01-17T16:49:17+00:00","dateModified":"2026-03-16T09:02:18+00:00","breadcrumb":{"@id":"https:\/\/www.monasteriosanjuan.com\/fr\/como-llegar\/#breadcrumb"},"inLanguage":"fr-FR","potentialAction":[{"@type":"ReadAction","target":["https:\/\/www.monasteriosanjuan.com\/fr\/como-llegar\/"]}]},{"@type":"ImageObject","inLanguage":"fr-FR","@id":"https:\/\/www.monasteriosanjuan.com\/fr\/como-llegar\/#primaryimage","url":"https:\/\/www.monasteriosanjuan.com\/wp-content\/uploads\/2022\/01\/san-juan-de-la-pena.jpg","contentUrl":"https:\/\/www.monasteriosanjuan.com\/wp-content\/uploads\/2022\/01\/san-juan-de-la-pena.jpg","width":1920,"height":1280},{"@type":"BreadcrumbList","@id":"https:\/\/www.monasteriosanjuan.com\/fr\/como-llegar\/#breadcrumb","itemListElement":[{"@type":"ListItem","position":1,"name":"Portada","item":"https:\/\/www.monasteriosanjuan.com\/fr\/"},{"@type":"ListItem","position":2,"name":"La Visite"}]},{"@type":"WebSite","@id":"https:\/\/www.monasteriosanjuan.com\/#website","url":"https:\/\/www.monasteriosanjuan.com\/","name":"Monasterio de San Juan de la Pe\u00f1a","description":"","publisher":{"@id":"https:\/\/www.monasteriosanjuan.com\/#organization"},"potentialAction":[{"@type":"SearchAction","target":{"@type":"EntryPoint","urlTemplate":"https:\/\/www.monasteriosanjuan.com\/?s={search_term_string}"},"query-input":{"@type":"PropertyValueSpecification","valueRequired":true,"valueName":"search_term_string"}}],"inLanguage":"fr-FR"},{"@type":"Organization","@id":"https:\/\/www.monasteriosanjuan.com\/#organization","name":"Monasterio de San Juan de la Pe\u00f1a","url":"https:\/\/www.monasteriosanjuan.com\/","logo":{"@type":"ImageObject","inLanguage":"fr-FR","@id":"https:\/\/www.monasteriosanjuan.com\/#\/schema\/logo\/image\/","url":"https:\/\/www.monasteriosanjuan.com\/wp-content\/uploads\/2022\/01\/logo-san-juan.png","contentUrl":"https:\/\/www.monasteriosanjuan.com\/wp-content\/uploads\/2022\/01\/logo-san-juan.png","width":500,"height":500,"caption":"Monasterio de San Juan de la Pe\u00f1a"},"image":{"@id":"https:\/\/www.monasteriosanjuan.com\/#\/schema\/logo\/image\/"},"sameAs":["https:\/\/www.facebook.com\/TurismodeAragon\/","https:\/\/x.com\/aragonturismo"]}]}},"_links":{"self":[{"href":"https:\/\/www.monasteriosanjuan.com\/fr\/wp-json\/wp\/v2\/pages\/894","targetHints":{"allow":["GET"]}}],"collection":[{"href":"https:\/\/www.monasteriosanjuan.com\/fr\/wp-json\/wp\/v2\/pages"}],"about":[{"href":"https:\/\/www.monasteriosanjuan.com\/fr\/wp-json\/wp\/v2\/types\/page"}],"author":[{"embeddable":true,"href":"https:\/\/www.monasteriosanjuan.com\/fr\/wp-json\/wp\/v2\/users\/1"}],"replies":[{"embeddable":true,"href":"https:\/\/www.monasteriosanjuan.com\/fr\/wp-json\/wp\/v2\/comments?post=894"}],"version-history":[{"count":44,"href":"https:\/\/www.monasteriosanjuan.com\/fr\/wp-json\/wp\/v2\/pages\/894\/revisions"}],"predecessor-version":[{"id":3241,"href":"https:\/\/www.monasteriosanjuan.com\/fr\/wp-json\/wp\/v2\/pages\/894\/revisions\/3241"}],"wp:featuredmedia":[{"embeddable":true,"href":"https:\/\/www.monasteriosanjuan.com\/fr\/wp-json\/wp\/v2\/media\/803"}],"wp:attachment":[{"href":"https:\/\/www.monasteriosanjuan.com\/fr\/wp-json\/wp\/v2\/media?parent=894"}],"curies":[{"name":"wp","href":"https:\/\/api.w.org\/{rel}","templated":true}]}}